{"id":4762,"date":"2017-01-13T13:18:39","date_gmt":"2017-01-13T12:18:39","guid":{"rendered":"https:\/\/www.golfclubabenberg.de\/?page_id=4762"},"modified":"2018-06-06T17:33:33","modified_gmt":"2018-06-06T15:33:33","slug":"neuigkeiten","status":"publish","type":"page","link":"https:\/\/golfclubabenberg.de\/index.php\/neuigkeiten\/","title":{"rendered":"Neuigkeiten aus dem GCA"},"content":{"rendered":"<p>[vc_row][vc_column]<h1 class=\"sc_title sc_title_underline\">News aus dem GCA<\/h1><div class=\"sc_section\"><div class=\"sc_section_inner\"><div class=\"sc_section_content_wrap\"><div id=\"sc_blogger_1689039809\" class=\"sc_blogger layout_excerpt template_excerpt  sc_blogger_vertical\" data-animation=\"animated fadeInUp normal\">\t\t<div class=\"post_item post_item_excerpt post_featured_default post_format_standard odd post-21505 post type-post status-publish format-standard hentry category-news\">\n\t\t\t\t\n\t\t\t<div class=\"post_content clearfix\">\n\t\t\t\t<h3 class=\"post_title\"><a href=\"https:\/\/golfclubabenberg.de\/index.php\/2026\/04\/23\/tempo-30-in-kammerstein\/\">Tempo 30 in Kammerstein<\/a><\/h3>\t\t\n\t\t\t\t<div class=\"post_descr\">\n\t\t\t\t<p>Liebe Golfg\u00e4ste, sicherlich ist Euch bei der Anfahrt zum Golfclub von Schwabach kommend am Ortsende von Kammerstein der Neubau auf der linken...<\/p><a href=\"https:\/\/golfclubabenberg.de\/index.php\/2026\/04\/23\/tempo-30-in-kammerstein\/\" class=\"sc_button sc_button_square sc_button_style_filled sc_button_size_medium\">Weiterlesen<\/a>\t\t\t\t<\/div>\n\n\t\t\t<\/div>\t<!-- \/.post_content -->\n\n\t\t<\/div>\t<!-- \/.post_item -->\n\n\t\t\t<div class=\"post_item post_item_excerpt post_featured_default post_format_standard even post-21501 post type-post status-publish format-standard hentry category-news\">\n\t\t\t\t\n\t\t\t<div class=\"post_content clearfix\">\n\t\t\t\t<h3 class=\"post_title\"><a href=\"https:\/\/golfclubabenberg.de\/index.php\/2026\/04\/20\/ladies-day-special-am-vatertag\/\">Ladies Day Special am Vatertag<\/a><\/h3>\t\t\n\t\t\t\t<div class=\"post_descr\">\n\t\t\t\t<p>Happy Nine \u2013 Ladies Day Special am Vatertag \ud83c\udf38 Am Donnerstag, 14. Mai 2026, laden wir ganz herzlich unsere Golferinnen unter dem Motto \u201eHappy Nine...<\/p><a href=\"https:\/\/golfclubabenberg.de\/index.php\/2026\/04\/20\/ladies-day-special-am-vatertag\/\" class=\"sc_button sc_button_square sc_button_style_filled sc_button_size_medium\">Weiterlesen<\/a>\t\t\t\t<\/div>\n\n\t\t\t<\/div>\t<!-- \/.post_content -->\n\n\t\t<\/div>\t<!-- \/.post_item -->\n\n\t\t\t<div class=\"post_item post_item_excerpt post_featured_default post_format_standard odd post-21491 post type-post status-publish format-standard hentry category-news\">\n\t\t\t\t\n\t\t\t<div class=\"post_content clearfix\">\n\t\t\t\t<h3 class=\"post_title\"><a href=\"https:\/\/golfclubabenberg.de\/index.php\/2026\/04\/17\/platzpflegewoche-vom-20-24-april\/\">Platzpflegewoche vom 20.-24.April<\/a><\/h3>\t\t\n\t\t\t\t<div class=\"post_descr\">\n\t\t\t\t<p>Im Zeitraum vom 20.04. bis einschlie\u00dflich 24.04. findet auf unseren Golfgr\u00fcns eine umfassende Platzpflege statt. W\u00e4hrend dieser Woche werden die...<\/p><a href=\"https:\/\/golfclubabenberg.de\/index.php\/2026\/04\/17\/platzpflegewoche-vom-20-24-april\/\" class=\"sc_button sc_button_square sc_button_style_filled sc_button_size_medium\">Weiterlesen<\/a>\t\t\t\t<\/div>\n\n\t\t\t<\/div>\t<!-- \/.post_content -->\n\n\t\t<\/div>\t<!-- \/.post_item -->\n\n\t\t\t<div class=\"post_item post_item_excerpt post_featured_default post_format_standard even post-21473 post type-post status-publish format-standard hentry category-news\">\n\t\t\t\t\n\t\t\t<div class=\"post_content clearfix\">\n\t\t\t\t<h3 class=\"post_title\"><a href=\"https:\/\/golfclubabenberg.de\/index.php\/2026\/04\/16\/eingeschraenkte-gastronomie-am-19-april-2026\/\">Eingeschr\u00e4nkte Gastronomie am 19.April 2026<\/a><\/h3>\t\t\n\t\t\t\t<div class=\"post_descr\">\n\t\t\t\t<p>Am kommenden Sonntag, 19.April ist unsere Gastronomie aufgrund einer privaten Familienfeier geschlossen &#8211; Getr\u00e4nke k\u00f6nnen jedoch ausgegeben...<\/p><a href=\"https:\/\/golfclubabenberg.de\/index.php\/2026\/04\/16\/eingeschraenkte-gastronomie-am-19-april-2026\/\" class=\"sc_button sc_button_square sc_button_style_filled sc_button_size_medium\">Weiterlesen<\/a>\t\t\t\t<\/div>\n\n\t\t\t<\/div>\t<!-- \/.post_content -->\n\n\t\t<\/div>\t<!-- \/.post_item -->\n\n\t\t\t<div class=\"post_item post_item_excerpt post_featured_default post_format_standard odd post-21426 post type-post status-publish format-standard hentry category-news\">\n\t\t\t\t\n\t\t\t<div class=\"post_content clearfix\">\n\t\t\t\t<h3 class=\"post_title\"><a href=\"https:\/\/golfclubabenberg.de\/index.php\/2026\/04\/15\/spendenaktion-zur-anschaffung-eines-balkenmaehers\/\">Spendenaktion zur Anschaffung eines Balkenm\u00e4hers<\/a><\/h3>\t\t\n\t\t\t\t<div class=\"post_descr\">\n\t\t\t\t<p>Auf unseren Bl\u00fchwiesen beginnt der Wettkampf um den besten Platz Damit nicht das Gras dieses Rennen gewinnt, sondern die mannigfaltigsten Pflanzen...<\/p><a href=\"https:\/\/golfclubabenberg.de\/index.php\/2026\/04\/15\/spendenaktion-zur-anschaffung-eines-balkenmaehers\/\" class=\"sc_button sc_button_square sc_button_style_filled sc_button_size_medium\">Weiterlesen<\/a>\t\t\t\t<\/div>\n\n\t\t\t<\/div>\t<!-- \/.post_content -->\n\n\t\t<\/div>\t<!-- \/.post_item -->\n\n\t\t\t<div class=\"post_item post_item_excerpt post_featured_default post_format_standard even post-21314 post type-post status-publish format-standard hentry category-news\">\n\t\t\t\t\n\t\t\t<div class=\"post_content clearfix\">\n\t\t\t\t<h3 class=\"post_title\"><a href=\"https:\/\/golfclubabenberg.de\/index.php\/2026\/04\/12\/das-sind-unsere-greenfee-vereinbarungen-2026\/\">Das sind unsere Greenfee-Vereinbarungen 2026<\/a><\/h3>\t\t\n\t\t\t\t<div class=\"post_descr\">\n\t\t\t\t<p>F\u00fcr alle Mitglieder, die gerne auch einmal auf den umliegenden Golfpl\u00e4tzen spielen wollen haben wir auch heuer wieder entsprechende Rabattierungen...<\/p><a href=\"https:\/\/golfclubabenberg.de\/index.php\/2026\/04\/12\/das-sind-unsere-greenfee-vereinbarungen-2026\/\" class=\"sc_button sc_button_square sc_button_style_filled sc_button_size_medium\">Weiterlesen<\/a>\t\t\t\t<\/div>\n\n\t\t\t<\/div>\t<!-- \/.post_content -->\n\n\t\t<\/div>\t<!-- \/.post_item -->\n\n\t\t\t<div class=\"post_item post_item_excerpt post_featured_default post_format_standard odd post-21310 post type-post status-publish format-standard hentry category-news\">\n\t\t\t\t\n\t\t\t<div class=\"post_content clearfix\">\n\t\t\t\t<h3 class=\"post_title\"><a href=\"https:\/\/golfclubabenberg.de\/index.php\/2026\/04\/11\/als-neuling-wohlfuehlen-im-gca\/\">Als Neuling wohlf\u00fchlen im GCA&#8230;.<\/a><\/h3>\t\t\n\t\t\t\t<div class=\"post_descr\">\n\t\t\t\t<p>Golfneulinge aufgepasst: bei uns im Golfclub Abenberg bleibt Ihr nach der Platzreife nicht alleine. Unsere &#8222;Rabbitgruppe&#8220; erm\u00f6glicht...<\/p><a href=\"https:\/\/golfclubabenberg.de\/index.php\/2026\/04\/11\/als-neuling-wohlfuehlen-im-gca\/\" class=\"sc_button sc_button_square sc_button_style_filled sc_button_size_medium\">Weiterlesen<\/a>\t\t\t\t<\/div>\n\n\t\t\t<\/div>\t<!-- \/.post_content -->\n\n\t\t<\/div>\t<!-- \/.post_item -->\n\n\t\t\t<div class=\"post_item post_item_excerpt post_featured_default post_format_standard even post-21249 post type-post status-publish format-standard hentry category-news\">\n\t\t\t\t\n\t\t\t<div class=\"post_content clearfix\">\n\t\t\t\t<h3 class=\"post_title\"><a href=\"https:\/\/golfclubabenberg.de\/index.php\/2026\/03\/31\/gruenes-erwachen\/\">Gr\u00fcnes Erwachen<\/a><\/h3>\t\t\n\t\t\t\t<div class=\"post_descr\">\n\t\t\t\t<p>Liebe Mitglieder und G\u00e4ste, mit den ersten warmen Sonnenstrahlen und dem Erwachen der Natur startet auch auf unserer Golfanlage die neue Saison...<\/p><a href=\"https:\/\/golfclubabenberg.de\/index.php\/2026\/03\/31\/gruenes-erwachen\/\" class=\"sc_button sc_button_square sc_button_style_filled sc_button_size_medium\">Weiterlesen<\/a>\t\t\t\t<\/div>\n\n\t\t\t<\/div>\t<!-- \/.post_content -->\n\n\t\t<\/div>\t<!-- \/.post_item -->\n\n\t\t\t<div class=\"post_item post_item_excerpt post_featured_default post_format_standard odd post-21221 post type-post status-publish format-standard hentry category-news\">\n\t\t\t\t\n\t\t\t<div class=\"post_content clearfix\">\n\t\t\t\t<h3 class=\"post_title\"><a href=\"https:\/\/golfclubabenberg.de\/index.php\/2026\/03\/17\/5-gold-rezertifizierung-und-golfbiodivers-kommunikationspartner\/\">5.Gold-Rezertifizierung und GolfBiodivers-Kommunikationspartner<\/a><\/h3>\t\t\n\t\t\t\t<div class=\"post_descr\">\n\t\t\t\t<p>Am 17.M\u00e4rz hatten wir gleich mehrere Repr\u00e4sentanten des Deutschen Golf Verbandes zu Besuch im GCA: H.Schneider hat uns nach Pr\u00fcfung aller...<\/p><a href=\"https:\/\/golfclubabenberg.de\/index.php\/2026\/03\/17\/5-gold-rezertifizierung-und-golfbiodivers-kommunikationspartner\/\" class=\"sc_button sc_button_square sc_button_style_filled sc_button_size_medium\">Weiterlesen<\/a>\t\t\t\t<\/div>\n\n\t\t\t<\/div>\t<!-- \/.post_content -->\n\n\t\t<\/div>\t<!-- \/.post_item -->\n\n\t\t\t<div class=\"post_item post_item_excerpt post_featured_default post_format_standard even last post-21203 post type-post status-publish format-standard hentry category-news\">\n\t\t\t\t\n\t\t\t<div class=\"post_content clearfix\">\n\t\t\t\t<h3 class=\"post_title\"><a href=\"https:\/\/golfclubabenberg.de\/index.php\/2026\/03\/13\/oeffnung-wc-maerz-2026\/\">Toiletten an der A3\/C5 ab 13.M\u00e4rz wieder ge\u00f6ffnet<\/a><\/h3>\t\t\n\t\t\t\t<div class=\"post_descr\">\n\t\t\t\t<p>Liebe Mitglieder und G\u00e4ste, mit der heutigen \u00d6ffnung der Sommergr\u00fcns\u00a0sind auch die WC\u00b4s an den Bahnen A3 und C5\u00a0 wieder ge\u00f6ffnet. &nbsp; &nbsp...<\/p><a href=\"https:\/\/golfclubabenberg.de\/index.php\/2026\/03\/13\/oeffnung-wc-maerz-2026\/\" class=\"sc_button sc_button_square sc_button_style_filled sc_button_size_medium\">Weiterlesen<\/a>\t\t\t\t<\/div>\n\n\t\t\t<\/div>\t<!-- \/.post_content -->\n\n\t\t<\/div>\t<!-- \/.post_item -->\n\n\t<\/div><\/div><\/div><\/div>[vc_empty_space][\/vc_column][\/vc_row]<\/p>\n","protected":false},"excerpt":{"rendered":"<p>[vc_row][vc_column][vc_empty_space][\/vc_column][\/vc_row]<\/p>\n","protected":false},"author":1,"featured_media":0,"parent":0,"menu_order":0,"comment_status":"closed","ping_status":"closed","template":"","meta":{"_EventAllDay":false,"_EventTimezone":"","_EventStartDate":"","_EventEndDate":"","_EventStartDateUTC":"","_EventEndDateUTC":"","_EventShowMap":false,"_EventShowMapLink":false,"_EventURL":"","_EventCost":"","_EventCostDescription":"","_EventCurrencySymbol":"","_EventCurrencyCode":"","_EventCurrencyPosition":"","_EventDateTimeSeparator":"","_EventTimeRangeSeparator":"","_EventOrganizerID":[],"_EventVenueID":0,"_OrganizerEmail":"","_OrganizerPhone":"","_OrganizerWebsite":"","_VenueAddress":"","_VenueCity":"","_VenueCountry":"","_VenueProvince":"","_VenueZip":"","_VenuePhone":"","_VenueURL":"","_VenueStateProvince":"","_VenueLat":"","_VenueLng":"","_links_to":"","_links_to_target":""},"_links":{"self":[{"href":"https:\/\/golfclubabenberg.de\/index.php\/wp-json\/wp\/v2\/pages\/4762"}],"collection":[{"href":"https:\/\/golfclubabenberg.de\/index.php\/wp-json\/wp\/v2\/pages"}],"about":[{"href":"https:\/\/golfclubabenberg.de\/index.php\/wp-json\/wp\/v2\/types\/page"}],"author":[{"embeddable":true,"href":"https:\/\/golfclubabenberg.de\/index.php\/wp-json\/wp\/v2\/users\/1"}],"replies":[{"embeddable":true,"href":"https:\/\/golfclubabenberg.de\/index.php\/wp-json\/wp\/v2\/comments?post=4762"}],"version-history":[{"count":0,"href":"https:\/\/golfclubabenberg.de\/index.php\/wp-json\/wp\/v2\/pages\/4762\/revisions"}],"wp:attachment":[{"href":"https:\/\/golfclubabenberg.de\/index.php\/wp-json\/wp\/v2\/media?parent=4762"}],"curies":[{"name":"wp","href":"https:\/\/api.w.org\/{rel}","templated":true}]}}